{"id":465,"date":"2023-05-21T16:05:27","date_gmt":"2023-05-21T14:05:27","guid":{"rendered":"https:\/\/malkiradio.com\/inicio\/?page_id=465"},"modified":"2023-05-22T09:39:32","modified_gmt":"2023-05-22T07:39:32","slug":"podcasts","status":"publish","type":"page","link":"https:\/\/malkiradio.com\/inicio\/podcasts\/","title":{"rendered":"Podcasts"},"content":{"rendered":"\t\t<div data-elementor-type=\"wp-page\" data-elementor-id=\"465\" class=\"elementor elementor-465\">\n\t\t\t\t\t\t<section class=\"elementor-section elementor-top-section elementor-element elementor-element-2rpv0n7 elementor-section-content-middle elementor-section-boxed elementor-section-height-default elementor-section-height-default\" data-id=\"2rpv0n7\" data-element_type=\"section\" data-e-type=\"section\" data-settings=\"{&quot;background_background&quot;:&quot;classic&quot;}\">\n\t\t\t\t\t\t\t<div class=\"elementor-background-overlay\"><\/div>\n\t\t\t\t\t\t\t<div class=\"elementor-container elementor-column-gap-no\">\n\t\t\t\t\t<div class=\"elementor-column elementor-col-50 elementor-top-column elementor-element elementor-element-957c1a9\" data-id=\"957c1a9\" data-element_type=\"column\" data-e-type=\"column\">\n\t\t\t<div class=\"elementor-widget-wrap elementor-element-populated\">\n\t\t\t\t\t\t<div class=\"elementor-element elementor-element-fd47f1d elementor-widget__width-initial elementor-widget elementor-widget-image\" data-id=\"fd47f1d\" data-element_type=\"widget\" data-e-type=\"widget\" data-widget_type=\"image.default\">\n\t\t\t\t<div class=\"elementor-widget-container\">\n\t\t\t\t\t\t\t\t\t\t\t\t\t\t\t\t<a href=\"https:\/\/malkiradio.com\/inicio\/llaqtakunapi-musique-latino-americaine-inca\/\" target=\"_blank\">\n\t\t\t\t\t\t\t<img fetchpriority=\"high\" decoding=\"async\" width=\"1017\" height=\"572\" src=\"https:\/\/malkiradio.com\/inicio\/wp-content\/uploads\/2019\/10\/Llaqtakunapi-e1570111069988.png\" class=\"attachment-full size-full wp-image-114\" alt=\"LLAQTAKUNAPI Musique inca latino-am\" srcset=\"https:\/\/malkiradio.com\/inicio\/wp-content\/uploads\/2019\/10\/Llaqtakunapi-e1570111069988.png 1017w, https:\/\/malkiradio.com\/inicio\/wp-content\/uploads\/2019\/10\/Llaqtakunapi-e1570111069988-300x169.png 300w, https:\/\/malkiradio.com\/inicio\/wp-content\/uploads\/2019\/10\/Llaqtakunapi-e1570111069988-768x432.png 768w\" sizes=\"(max-width: 1017px) 100vw, 1017px\" \/>\t\t\t\t\t\t\t\t<\/a>\n\t\t\t\t\t\t\t\t\t\t\t\t\t\t\t<\/div>\n\t\t\t\t<\/div>\n\t\t\t\t\t<\/div>\n\t\t<\/div>\n\t\t\t\t<div class=\"elementor-column elementor-col-50 elementor-top-column elementor-element elementor-element-75109e3\" data-id=\"75109e3\" data-element_type=\"column\" data-e-type=\"column\">\n\t\t\t<div class=\"elementor-widget-wrap elementor-element-populated\">\n\t\t\t\t\t\t<div class=\"elementor-element elementor-element-0806230 elementor-widget__width-initial elementor-widget elementor-widget-heading\" data-id=\"0806230\" data-element_type=\"widget\" data-e-type=\"widget\" data-widget_type=\"heading.default\">\n\t\t\t\t<div class=\"elementor-widget-container\">\n\t\t\t\t\t<h2 class=\"elementor-heading-title elementor-size-default\">LLAQTAKUNAPI - Depuis mes Origines<\/h2>\t\t\t\t<\/div>\n\t\t\t\t<\/div>\n\t\t\t\t<div class=\"elementor-element elementor-element-27a622b elementor-widget__width-initial elementor-widget elementor-widget-text-editor\" data-id=\"27a622b\" data-element_type=\"widget\" data-e-type=\"widget\" data-widget_type=\"text-editor.default\">\n\t\t\t\t<div class=\"elementor-widget-container\">\n\t\t\t\t\t\t\t\t\t<p><span style=\"color: #1f1f1f; font-size: 14px;\">Un voyage musical \u00e0 travers des sons et des rythmes traditionnels et contemporains des Andes et de l\u2019Am\u00e9rique latine. Musique d\u2019origine Inca et afro-am\u00e9ricaine. LLAQTAKUNAPI (Depuis mes Origines) Jeudi d\u00e8s 20h00 \u00e0 21h00 (Europe) sur\u00a0<\/span><a style=\"background-color: #ffffff; color: #ff8000; text-decoration-line: none; font-size: 14px;\" href=\"https:\/\/malkiradio.com\/\" target=\"_blank\" rel=\"nofollow noopener\">https:\/\/malkiradio.com<\/a><\/p><p><a href=\"https:\/\/malkiradio.com\/inicio\/llaqtakunapi-musique-latino-americaine-inca\/\">Entrez ici au podcast (\u00e9missions en fran\u00e7ais)<\/a><\/p>\t\t\t\t\t\t\t\t<\/div>\n\t\t\t\t<\/div>\n\t\t\t\t\t<\/div>\n\t\t<\/div>\n\t\t\t\t\t<\/div>\n\t\t<\/section>\n\t\t\t\t<section class=\"elementor-section elementor-top-section elementor-element elementor-element-1mlaol1 elementor-section-content-middle elementor-section-boxed elementor-section-height-default elementor-section-height-default\" data-id=\"1mlaol1\" data-element_type=\"section\" data-e-type=\"section\" data-settings=\"{&quot;background_background&quot;:&quot;classic&quot;}\">\n\t\t\t\t\t\t\t<div class=\"elementor-background-overlay\"><\/div>\n\t\t\t\t\t\t\t<div class=\"elementor-container elementor-column-gap-no\">\n\t\t\t\t\t<div class=\"elementor-column elementor-col-50 elementor-top-column elementor-element elementor-element-957c1a9\" data-id=\"957c1a9\" data-element_type=\"column\" data-e-type=\"column\">\n\t\t\t<div class=\"elementor-widget-wrap elementor-element-populated\">\n\t\t\t\t\t\t<div class=\"elementor-element elementor-element-fd47f1d elementor-widget elementor-widget-image\" data-id=\"fd47f1d\" data-element_type=\"widget\" data-e-type=\"widget\" data-widget_type=\"image.default\">\n\t\t\t\t<div class=\"elementor-widget-container\">\n\t\t\t\t\t\t\t\t\t\t\t\t\t\t\t\t<a href=\"https:\/\/malkiradio.com\/inicio\/uraqsariri-caminantes-de-la-tierra\/\">\n\t\t\t\t\t\t\t<img decoding=\"async\" width=\"1024\" height=\"1024\" data-src=\"https:\/\/malkiradio.com\/inicio\/wp-content\/uploads\/2019\/10\/Uraq-Sariri.png\" class=\"attachment-full size-full wp-image-176 lazyload\" alt=\"URAQ SARIRI - Caminantes de la Tierra\" data-srcset=\"https:\/\/malkiradio.com\/inicio\/wp-content\/uploads\/2019\/10\/Uraq-Sariri.png 1024w, https:\/\/malkiradio.com\/inicio\/wp-content\/uploads\/2019\/10\/Uraq-Sariri-150x150.png 150w, https:\/\/malkiradio.com\/inicio\/wp-content\/uploads\/2019\/10\/Uraq-Sariri-300x300.png 300w, https:\/\/malkiradio.com\/inicio\/wp-content\/uploads\/2019\/10\/Uraq-Sariri-768x768.png 768w, https:\/\/malkiradio.com\/inicio\/wp-content\/uploads\/2019\/10\/Uraq-Sariri-250x250.png 250w, https:\/\/malkiradio.com\/inicio\/wp-content\/uploads\/2019\/10\/Uraq-Sariri-174x174.png 174w\" data-sizes=\"(max-width: 1024px) 100vw, 1024px\" src=\"data:image\/svg+xml;base64,PHN2ZyB3aWR0aD0iMSIgaGVpZ2h0PSIxIiB4bWxucz0iaHR0cDovL3d3dy53My5vcmcvMjAwMC9zdmciPjwvc3ZnPg==\" style=\"--smush-placeholder-width: 1024px; --smush-placeholder-aspect-ratio: 1024\/1024;\" \/>\t\t\t\t\t\t\t\t<\/a>\n\t\t\t\t\t\t\t\t\t\t\t\t\t\t\t<\/div>\n\t\t\t\t<\/div>\n\t\t\t\t\t<\/div>\n\t\t<\/div>\n\t\t\t\t<div class=\"elementor-column elementor-col-50 elementor-top-column elementor-element elementor-element-75109e3\" data-id=\"75109e3\" data-element_type=\"column\" data-e-type=\"column\">\n\t\t\t<div class=\"elementor-widget-wrap elementor-element-populated\">\n\t\t\t\t\t\t<div class=\"elementor-element elementor-element-0806230 elementor-widget elementor-widget-heading\" data-id=\"0806230\" data-element_type=\"widget\" data-e-type=\"widget\" data-widget_type=\"heading.default\">\n\t\t\t\t<div class=\"elementor-widget-container\">\n\t\t\t\t\t<h2 class=\"elementor-heading-title elementor-size-default\"><h1 style=\"margin-bottom: 10px;font-size: 30px;line-height: 1.1;font-style: normal;white-space: normal\"><span>URAQ SARIRI&nbsp;<\/span><\/h1><h1 style=\"margin-bottom: 10px;font-size: 30px;line-height: 1.1;font-style: normal;white-space: normal\"><span>Caminantes de la Tierra<\/span><\/h1><h1 style=\"margin-bottom: 10px;font-size: 30px;line-height: 1.1;font-style: normal;white-space: normal\"><span>Amalia Vargas<\/span><\/h1><\/h2>\t\t\t\t<\/div>\n\t\t\t\t<\/div>\n\t\t\t\t<div class=\"elementor-element elementor-element-27a622b elementor-widget elementor-widget-text-editor\" data-id=\"27a622b\" data-element_type=\"widget\" data-e-type=\"widget\" data-widget_type=\"text-editor.default\">\n\t\t\t\t<div class=\"elementor-widget-container\">\n\t\t\t\t\t\t\t\t\t<p>Programa dedicado a los pueblos Originarios de Am\u00e9rica: M\u00fasica, entrevistas a personajes de la cultura originaria, tradiciones, la Pachamama, mitos, leyendas, &#8230;<\/p><p>Con la acertada conducci\u00f3n de la Licenciada Amalia Vargas y la colaboraci\u00f3n de radio T\u00fapac (Argentina).<\/p><p><a href=\"https:\/\/malkiradio.com\/inicio\/uraqsariri-caminantes-de-la-tierra\/\">Entre aqu\u00ed al podcast (podcast en espagnol)<\/a><\/p>\t\t\t\t\t\t\t\t<\/div>\n\t\t\t\t<\/div>\n\t\t\t\t\t<\/div>\n\t\t<\/div>\n\t\t\t\t\t<\/div>\n\t\t<\/section>\n\t\t\t\t<section class=\"elementor-section elementor-top-section elementor-element elementor-element-ea07074 elementor-section-boxed elementor-section-height-default elementor-section-height-default\" data-id=\"ea07074\" data-element_type=\"section\" data-e-type=\"section\">\n\t\t\t\t\t\t<div class=\"elementor-container elementor-column-gap-default\">\n\t\t\t\t\t<div class=\"elementor-column elementor-col-100 elementor-top-column elementor-element elementor-element-affff0e\" data-id=\"affff0e\" data-element_type=\"column\" data-e-type=\"column\">\n\t\t\t<div class=\"elementor-widget-wrap elementor-element-populated\">\n\t\t\t\t\t\t<div class=\"elementor-element elementor-element-a3914f0 elementor-widget elementor-widget-html\" data-id=\"a3914f0\" data-element_type=\"widget\" data-e-type=\"widget\" data-widget_type=\"html.default\">\n\t\t\t\t<div class=\"elementor-widget-container\">\n\t\t\t\t\tEcoutez MALKI Radio World Music en Live!\n<iframe data-src=\"https:\/\/radio.andaina.net\/cp\/widgets\/player\/single\/?p=8070\" height=\"110\" width=\"100%\" scrolling=\"no\" style=\"border:none;\" src=\"data:image\/svg+xml;base64,PHN2ZyB3aWR0aD0iMSIgaGVpZ2h0PSIxIiB4bWxucz0iaHR0cDovL3d3dy53My5vcmcvMjAwMC9zdmciPjwvc3ZnPg==\" class=\"lazyload\" data-load-mode=\"1\"><\/iframe>\n\n<a href=\"https:\/\/radio.andaina.net\/cp\/links.php?p=8070&m=pls\"><img decoding=\"async\" data-src=\"https:\/\/radio.andaina.net\/cp\/inc\/images\/players\/winamp2.png\" border=\"0\" src=\"data:image\/svg+xml;base64,PHN2ZyB3aWR0aD0iMSIgaGVpZ2h0PSIxIiB4bWxucz0iaHR0cDovL3d3dy53My5vcmcvMjAwMC9zdmciPjwvc3ZnPg==\" class=\"lazyload\"><\/a>\n\n<a href=\"https:\/\/radio.andaina.net\/cp\/links.php?p=8070&m=asx\"><img decoding=\"async\" data-src=\"https:\/\/radio.andaina.net\/cp\/inc\/images\/players\/mediaplayer.png\" border=\"0\" src=\"data:image\/svg+xml;base64,PHN2ZyB3aWR0aD0iMSIgaGVpZ2h0PSIxIiB4bWxucz0iaHR0cDovL3d3dy53My5vcmcvMjAwMC9zdmciPjwvc3ZnPg==\" class=\"lazyload\"><\/a>\n\n<a href=\"https:\/\/radio.andaina.net\/cp\/links.php?p=8070&m=pls\"><img decoding=\"async\" data-src=\"https:\/\/radio.andaina.net\/cp\/inc\/images\/players\/vlc.png\" border=\"0\" src=\"data:image\/svg+xml;base64,PHN2ZyB3aWR0aD0iMSIgaGVpZ2h0PSIxIiB4bWxucz0iaHR0cDovL3d3dy53My5vcmcvMjAwMC9zdmciPjwvc3ZnPg==\" class=\"lazyload\"><\/a>\n\n<a href=\"https:\/\/radio.andaina.net\/cp\/links.php?p=8070&m=pls\"><img decoding=\"async\" data-src=\"https:\/\/radio.andaina.net\/cp\/inc\/images\/players\/itunes.png\" border=\"0\" src=\"data:image\/svg+xml;base64,PHN2ZyB3aWR0aD0iMSIgaGVpZ2h0PSIxIiB4bWxucz0iaHR0cDovL3d3dy53My5vcmcvMjAwMC9zdmciPjwvc3ZnPg==\" class=\"lazyload\"><\/a>\n\n<a href=\"https:\/\/radio.andaina.net\/cp\/links.php?p=8070&m=ram\"><img decoding=\"async\" data-src=\"https:\/\/radio.andaina.net\/cp\/inc\/images\/players\/real.png\" border=\"0\" src=\"data:image\/svg+xml;base64,PHN2ZyB3aWR0aD0iMSIgaGVpZ2h0PSIxIiB4bWxucz0iaHR0cDovL3d3dy53My5vcmcvMjAwMC9zdmciPjwvc3ZnPg==\" class=\"lazyload\"><\/a>\n\n<a href=\"https:\/\/radio.andaina.net\/8070\/stream\" target=\"_blank\"><img decoding=\"async\" data-src=\"https:\/\/radio.andaina.net\/cp\/inc\/images\/players\/sslplay.png\" border=\"0\" src=\"data:image\/svg+xml;base64,PHN2ZyB3aWR0aD0iMSIgaGVpZ2h0PSIxIiB4bWxucz0iaHR0cDovL3d3dy53My5vcmcvMjAwMC9zdmciPjwvc3ZnPg==\" class=\"lazyload\"><\/a>\t\t\t\t<\/div>\n\t\t\t\t<\/div>\n\t\t\t\t\t<\/div>\n\t\t<\/div>\n\t\t\t\t\t<\/div>\n\t\t<\/section>\n\t\t\t\t<\/div>\n\t\t<!-- AddThis Advanced Settings generic via filter on the_content --><!-- AddThis Share Buttons generic via filter on the_content -->","protected":false},"excerpt":{"rendered":"<p>LLAQTAKUNAPI &#8211; Depuis mes Origines Un voyage musical \u00e0 travers des sons et des rythmes traditionnels et contemporains des Andes et de l\u2019Am\u00e9rique latine. Musique d\u2019origine Inca et afro-am\u00e9ricaine. LLAQTAKUNAPI (Depuis mes Origines) Jeudi d\u00e8s 20h00 \u00e0 21h00 (Europe) sur\u00a0https:\/\/malkiradio.com Entrez ici au podcast (\u00e9missions en fran\u00e7ais) URAQ SARIRI&nbsp; Caminantes de la Tierra Amalia Vargas [&hellip;]<!-- AddThis Advanced Settings generic via filter on get_the_excerpt --><!-- AddThis Share Buttons generic via filter on get_the_excerpt --><\/p>\n","protected":false},"author":1,"featured_media":0,"parent":0,"menu_order":0,"comment_status":"closed","ping_status":"closed","template":"","meta":{"site-sidebar-layout":"no-sidebar","site-content-layout":"page-builder","ast-site-content-layout":"default","site-content-style":"default","site-sidebar-style":"default","ast-global-header-display":"","ast-banner-title-visibility":"","ast-main-header-display":"","ast-hfb-above-header-display":"","ast-hfb-below-header-display":"","ast-hfb-mobile-header-display":"","site-post-title":"disabled","ast-breadcrumbs-content":"","ast-featured-img":"disabled","footer-sml-layout":"","ast-disable-related-posts":"","theme-transparent-header-meta":"","adv-header-id-meta":"","stick-header-meta":"","header-above-stick-meta":"","header-main-stick-meta":"","header-below-stick-meta":"","astra-migrate-meta-layouts":"default","ast-page-background-enabled":"default","ast-page-background-meta":{"desktop":{"background-color":"var(--ast-global-color-4)","background-image":"","background-repeat":"repeat","background-position":"center center","background-size":"auto","background-attachment":"scroll","background-type":"","background-media":"","overlay-type":"","overlay-color":"","overlay-opacity":"","overlay-gradient":""},"tablet":{"background-color":"","background-image":"","background-repeat":"repeat","background-position":"center center","background-size":"auto","background-attachment":"scroll","background-type":"","background-media":"","overlay-type":"","overlay-color":"","overlay-opacity":"","overlay-gradient":""},"mobile":{"background-color":"","background-image":"","background-repeat":"repeat","background-position":"center center","background-size":"auto","background-attachment":"scroll","background-type":"","background-media":"","overlay-type":"","overlay-color":"","overlay-opacity":"","overlay-gradient":""}},"ast-content-background-meta":{"desktop":{"background-color":"var(--ast-global-color-5)","background-image":"","background-repeat":"repeat","background-position":"center center","background-size":"auto","background-attachment":"scroll","background-type":"","background-media":"","overlay-type":"","overlay-color":"","overlay-opacity":"","overlay-gradient":""},"tablet":{"background-color":"var(--ast-global-color-5)","background-image":"","background-repeat":"repeat","background-position":"center center","background-size":"auto","background-attachment":"scroll","background-type":"","background-media":"","overlay-type":"","overlay-color":"","overlay-opacity":"","overlay-gradient":""},"mobile":{"background-color":"var(--ast-global-color-5)","background-image":"","background-repeat":"repeat","background-position":"center center","background-size":"auto","background-attachment":"scroll","background-type":"","background-media":"","overlay-type":"","overlay-color":"","overlay-opacity":"","overlay-gradient":""}},"footnotes":""},"class_list":["post-465","page","type-page","status-publish","hentry"],"yoast_head":"<!-- This site is optimized with the Yoast SEO plugin v27.5 - https:\/\/yoast.com\/product\/yoast-seo-wordpress\/ -->\n<title>Podcasts - MALKI Radio World Music<\/title>\n<meta name=\"robots\" content=\"index, follow, max-snippet:-1, max-image-preview:large, max-video-preview:-1\" \/>\n<link rel=\"canonical\" href=\"https:\/\/malkiradio.com\/inicio\/podcasts\/\" \/>\n<meta property=\"og:locale\" content=\"fr_FR\" \/>\n<meta property=\"og:type\" content=\"article\" \/>\n<meta property=\"og:title\" content=\"Podcasts - MALKI Radio World Music\" \/>\n<meta property=\"og:description\" content=\"LLAQTAKUNAPI &#8211; Depuis mes Origines Un voyage musical \u00e0 travers des sons et des rythmes traditionnels et contemporains des Andes et de l\u2019Am\u00e9rique latine. Musique d\u2019origine Inca et afro-am\u00e9ricaine. LLAQTAKUNAPI (Depuis mes Origines) Jeudi d\u00e8s 20h00 \u00e0 21h00 (Europe) sur\u00a0https:\/\/malkiradio.com Entrez ici au podcast (\u00e9missions en fran\u00e7ais) URAQ SARIRI&nbsp; Caminantes de la Tierra Amalia Vargas [&hellip;]\" \/>\n<meta property=\"og:url\" content=\"https:\/\/malkiradio.com\/inicio\/podcasts\/\" \/>\n<meta property=\"og:site_name\" content=\"MALKI Radio World Music\" \/>\n<meta property=\"article:publisher\" content=\"https:\/\/www.facebook.com\/malkiradio\" \/>\n<meta property=\"article:modified_time\" content=\"2023-05-22T07:39:32+00:00\" \/>\n<meta property=\"og:image\" content=\"https:\/\/malkiradio.com\/inicio\/wp-content\/uploads\/2019\/10\/Llaqtakunapi-e1570111069988.png\" \/>\n<meta name=\"twitter:card\" content=\"summary_large_image\" \/>\n<meta name=\"twitter:site\" content=\"@malkiradio\" \/>\n<meta name=\"twitter:label1\" content=\"Dur\u00e9e de lecture estim\u00e9e\" \/>\n\t<meta name=\"twitter:data1\" content=\"3 minutes\" \/>\n<script type=\"application\/ld+json\" class=\"yoast-schema-graph\">{\"@context\":\"https:\\\/\\\/schema.org\",\"@graph\":[{\"@type\":\"WebPage\",\"@id\":\"https:\\\/\\\/malkiradio.com\\\/inicio\\\/podcasts\\\/\",\"url\":\"https:\\\/\\\/malkiradio.com\\\/inicio\\\/podcasts\\\/\",\"name\":\"Podcasts - MALKI Radio World Music\",\"isPartOf\":{\"@id\":\"https:\\\/\\\/malkiradio.com\\\/inicio\\\/#website\"},\"primaryImageOfPage\":{\"@id\":\"https:\\\/\\\/malkiradio.com\\\/inicio\\\/podcasts\\\/#primaryimage\"},\"image\":{\"@id\":\"https:\\\/\\\/malkiradio.com\\\/inicio\\\/podcasts\\\/#primaryimage\"},\"thumbnailUrl\":\"https:\\\/\\\/malkiradio.com\\\/inicio\\\/wp-content\\\/uploads\\\/2019\\\/10\\\/Llaqtakunapi-e1570111069988.png\",\"datePublished\":\"2023-05-21T14:05:27+00:00\",\"dateModified\":\"2023-05-22T07:39:32+00:00\",\"breadcrumb\":{\"@id\":\"https:\\\/\\\/malkiradio.com\\\/inicio\\\/podcasts\\\/#breadcrumb\"},\"inLanguage\":\"fr-FR\",\"potentialAction\":[{\"@type\":\"ReadAction\",\"target\":[\"https:\\\/\\\/malkiradio.com\\\/inicio\\\/podcasts\\\/\"]}]},{\"@type\":\"ImageObject\",\"inLanguage\":\"fr-FR\",\"@id\":\"https:\\\/\\\/malkiradio.com\\\/inicio\\\/podcasts\\\/#primaryimage\",\"url\":\"https:\\\/\\\/malkiradio.com\\\/inicio\\\/wp-content\\\/uploads\\\/2019\\\/10\\\/Llaqtakunapi-e1570111069988.png\",\"contentUrl\":\"https:\\\/\\\/malkiradio.com\\\/inicio\\\/wp-content\\\/uploads\\\/2019\\\/10\\\/Llaqtakunapi-e1570111069988.png\",\"width\":1017,\"height\":572,\"caption\":\"Un voyage musical\"},{\"@type\":\"BreadcrumbList\",\"@id\":\"https:\\\/\\\/malkiradio.com\\\/inicio\\\/podcasts\\\/#breadcrumb\",\"itemListElement\":[{\"@type\":\"ListItem\",\"position\":1,\"name\":\"Accueil\",\"item\":\"https:\\\/\\\/malkiradio.com\\\/inicio\\\/\"},{\"@type\":\"ListItem\",\"position\":2,\"name\":\"Podcasts\"}]},{\"@type\":\"WebSite\",\"@id\":\"https:\\\/\\\/malkiradio.com\\\/inicio\\\/#website\",\"url\":\"https:\\\/\\\/malkiradio.com\\\/inicio\\\/\",\"name\":\"MALKI Radio World Music\",\"description\":\"Musique de l&#039;Am\u00e9rique latine et du Monde\",\"publisher\":{\"@id\":\"https:\\\/\\\/malkiradio.com\\\/inicio\\\/#organization\"},\"potentialAction\":[{\"@type\":\"SearchAction\",\"target\":{\"@type\":\"EntryPoint\",\"urlTemplate\":\"https:\\\/\\\/malkiradio.com\\\/inicio\\\/?s={search_term_string}\"},\"query-input\":{\"@type\":\"PropertyValueSpecification\",\"valueRequired\":true,\"valueName\":\"search_term_string\"}}],\"inLanguage\":\"fr-FR\"},{\"@type\":\"Organization\",\"@id\":\"https:\\\/\\\/malkiradio.com\\\/inicio\\\/#organization\",\"name\":\"MALKI Radio World Music\",\"alternateName\":\"MALKI Radio\",\"url\":\"https:\\\/\\\/malkiradio.com\\\/inicio\\\/\",\"logo\":{\"@type\":\"ImageObject\",\"inLanguage\":\"fr-FR\",\"@id\":\"https:\\\/\\\/malkiradio.com\\\/inicio\\\/#\\\/schema\\\/logo\\\/image\\\/\",\"url\":\"https:\\\/\\\/malkiradio.com\\\/inicio\\\/wp-content\\\/uploads\\\/2019\\\/09\\\/cropped-cropped-Logo-MALKI-Radio-fondo-transparente-e1570635948644.png\",\"contentUrl\":\"https:\\\/\\\/malkiradio.com\\\/inicio\\\/wp-content\\\/uploads\\\/2019\\\/09\\\/cropped-cropped-Logo-MALKI-Radio-fondo-transparente-e1570635948644.png\",\"width\":512,\"height\":512,\"caption\":\"MALKI Radio World Music\"},\"image\":{\"@id\":\"https:\\\/\\\/malkiradio.com\\\/inicio\\\/#\\\/schema\\\/logo\\\/image\\\/\"},\"sameAs\":[\"https:\\\/\\\/www.facebook.com\\\/malkiradio\",\"https:\\\/\\\/x.com\\\/malkiradio\",\"https:\\\/\\\/www.instagram.com\\\/malki_producciones\\\/\",\"https:\\\/\\\/www.linkedin.com\\\/in\\\/malki-media-4a7474136\\\/\",\"https:\\\/\\\/www.youtube.com\\\/user\\\/malkitv\"]}]}<\/script>\n<!-- \/ Yoast SEO plugin. -->","yoast_head_json":{"title":"Podcasts - MALKI Radio World Music","robots":{"index":"index","follow":"follow","max-snippet":"max-snippet:-1","max-image-preview":"max-image-preview:large","max-video-preview":"max-video-preview:-1"},"canonical":"https:\/\/malkiradio.com\/inicio\/podcasts\/","og_locale":"fr_FR","og_type":"article","og_title":"Podcasts - MALKI Radio World Music","og_description":"LLAQTAKUNAPI &#8211; Depuis mes Origines Un voyage musical \u00e0 travers des sons et des rythmes traditionnels et contemporains des Andes et de l\u2019Am\u00e9rique latine. Musique d\u2019origine Inca et afro-am\u00e9ricaine. LLAQTAKUNAPI (Depuis mes Origines) Jeudi d\u00e8s 20h00 \u00e0 21h00 (Europe) sur\u00a0https:\/\/malkiradio.com Entrez ici au podcast (\u00e9missions en fran\u00e7ais) URAQ SARIRI&nbsp; Caminantes de la Tierra Amalia Vargas [&hellip;]","og_url":"https:\/\/malkiradio.com\/inicio\/podcasts\/","og_site_name":"MALKI Radio World Music","article_publisher":"https:\/\/www.facebook.com\/malkiradio","article_modified_time":"2023-05-22T07:39:32+00:00","og_image":[{"url":"https:\/\/malkiradio.com\/inicio\/wp-content\/uploads\/2019\/10\/Llaqtakunapi-e1570111069988.png","type":"","width":"","height":""}],"twitter_card":"summary_large_image","twitter_site":"@malkiradio","twitter_misc":{"Dur\u00e9e de lecture estim\u00e9e":"3 minutes"},"schema":{"@context":"https:\/\/schema.org","@graph":[{"@type":"WebPage","@id":"https:\/\/malkiradio.com\/inicio\/podcasts\/","url":"https:\/\/malkiradio.com\/inicio\/podcasts\/","name":"Podcasts - MALKI Radio World Music","isPartOf":{"@id":"https:\/\/malkiradio.com\/inicio\/#website"},"primaryImageOfPage":{"@id":"https:\/\/malkiradio.com\/inicio\/podcasts\/#primaryimage"},"image":{"@id":"https:\/\/malkiradio.com\/inicio\/podcasts\/#primaryimage"},"thumbnailUrl":"https:\/\/malkiradio.com\/inicio\/wp-content\/uploads\/2019\/10\/Llaqtakunapi-e1570111069988.png","datePublished":"2023-05-21T14:05:27+00:00","dateModified":"2023-05-22T07:39:32+00:00","breadcrumb":{"@id":"https:\/\/malkiradio.com\/inicio\/podcasts\/#breadcrumb"},"inLanguage":"fr-FR","potentialAction":[{"@type":"ReadAction","target":["https:\/\/malkiradio.com\/inicio\/podcasts\/"]}]},{"@type":"ImageObject","inLanguage":"fr-FR","@id":"https:\/\/malkiradio.com\/inicio\/podcasts\/#primaryimage","url":"https:\/\/malkiradio.com\/inicio\/wp-content\/uploads\/2019\/10\/Llaqtakunapi-e1570111069988.png","contentUrl":"https:\/\/malkiradio.com\/inicio\/wp-content\/uploads\/2019\/10\/Llaqtakunapi-e1570111069988.png","width":1017,"height":572,"caption":"Un voyage musical"},{"@type":"BreadcrumbList","@id":"https:\/\/malkiradio.com\/inicio\/podcasts\/#breadcrumb","itemListElement":[{"@type":"ListItem","position":1,"name":"Accueil","item":"https:\/\/malkiradio.com\/inicio\/"},{"@type":"ListItem","position":2,"name":"Podcasts"}]},{"@type":"WebSite","@id":"https:\/\/malkiradio.com\/inicio\/#website","url":"https:\/\/malkiradio.com\/inicio\/","name":"MALKI Radio World Music","description":"Musique de l&#039;Am\u00e9rique latine et du Monde","publisher":{"@id":"https:\/\/malkiradio.com\/inicio\/#organization"},"potentialAction":[{"@type":"SearchAction","target":{"@type":"EntryPoint","urlTemplate":"https:\/\/malkiradio.com\/inicio\/?s={search_term_string}"},"query-input":{"@type":"PropertyValueSpecification","valueRequired":true,"valueName":"search_term_string"}}],"inLanguage":"fr-FR"},{"@type":"Organization","@id":"https:\/\/malkiradio.com\/inicio\/#organization","name":"MALKI Radio World Music","alternateName":"MALKI Radio","url":"https:\/\/malkiradio.com\/inicio\/","logo":{"@type":"ImageObject","inLanguage":"fr-FR","@id":"https:\/\/malkiradio.com\/inicio\/#\/schema\/logo\/image\/","url":"https:\/\/malkiradio.com\/inicio\/wp-content\/uploads\/2019\/09\/cropped-cropped-Logo-MALKI-Radio-fondo-transparente-e1570635948644.png","contentUrl":"https:\/\/malkiradio.com\/inicio\/wp-content\/uploads\/2019\/09\/cropped-cropped-Logo-MALKI-Radio-fondo-transparente-e1570635948644.png","width":512,"height":512,"caption":"MALKI Radio World Music"},"image":{"@id":"https:\/\/malkiradio.com\/inicio\/#\/schema\/logo\/image\/"},"sameAs":["https:\/\/www.facebook.com\/malkiradio","https:\/\/x.com\/malkiradio","https:\/\/www.instagram.com\/malki_producciones\/","https:\/\/www.linkedin.com\/in\/malki-media-4a7474136\/","https:\/\/www.youtube.com\/user\/malkitv"]}]}},"_links":{"self":[{"href":"https:\/\/malkiradio.com\/inicio\/wp-json\/wp\/v2\/pages\/465","targetHints":{"allow":["GET"]}}],"collection":[{"href":"https:\/\/malkiradio.com\/inicio\/wp-json\/wp\/v2\/pages"}],"about":[{"href":"https:\/\/malkiradio.com\/inicio\/wp-json\/wp\/v2\/types\/page"}],"author":[{"embeddable":true,"href":"https:\/\/malkiradio.com\/inicio\/wp-json\/wp\/v2\/users\/1"}],"replies":[{"embeddable":true,"href":"https:\/\/malkiradio.com\/inicio\/wp-json\/wp\/v2\/comments?post=465"}],"version-history":[{"count":25,"href":"https:\/\/malkiradio.com\/inicio\/wp-json\/wp\/v2\/pages\/465\/revisions"}],"predecessor-version":[{"id":615,"href":"https:\/\/malkiradio.com\/inicio\/wp-json\/wp\/v2\/pages\/465\/revisions\/615"}],"wp:attachment":[{"href":"https:\/\/malkiradio.com\/inicio\/wp-json\/wp\/v2\/media?parent=465"}],"curies":[{"name":"wp","href":"https:\/\/api.w.org\/{rel}","templated":true}]}}